{"id":12319,"date":"2019-04-08T20:32:56","date_gmt":"2019-04-08T20:32:56","guid":{"rendered":"https:\/\/10.240.8.148\/web\/?page_id=12319"},"modified":"2023-05-08T15:17:21","modified_gmt":"2023-05-08T20:17:21","slug":"normatividad-municipal","status":"publish","type":"page","link":"https:\/\/movilidad.rionegro.gov.co\/web\/normatividad-municipal\/","title":{"rendered":"Municipal"},"content":{"rendered":"<p>[vc_row css=&#8221;.vc_custom_1554327140412{margin-top: 100px !important;margin-bottom: 100px !important;}&#8221;][vc_column][vc_column_text css=&#8221;.vc_custom_1554756613224{margin-right: 200px !important;margin-bottom: 0px !important;margin-left: 200px !important;border-right-width: 0px !important;border-bottom-width: 0px !important;border-left-width: 0px !important;padding-right: 10px !important;padding-bottom: 0px !important;padding-left: 10px !important;}&#8221;]<\/p>\n<p style=\"text-align: center; color: #1b1b1b; font-size: 20px;\">A continuaci\u00f3n encontrar\u00e1 toda la documentaci\u00f3n que soporta nuestra labor y\u00a0 procesos a nivel municipal. Si le interesa conocer en detalle alg\u00fan decreto o resoluci\u00f3n puede hacer clic sobre el respectivo archivo y descargarlo.<\/p>\n<p>[\/vc_column_text][vc_separator color=&#8221;custom&#8221; border_width=&#8221;3&#8243; el_width=&#8221;10&#8243; accent_color=&#8221;#e62a4b&#8221; css=&#8221;.vc_custom_1554327469555{margin-top: 0px !important;border-top-width: 0px !important;padding-top: 0px !important;}&#8221;][\/vc_column][\/vc_row][vc_row][vc_column width=&#8221;1\/4&#8243;]<div class=\"uavc-list-icon uavc-list-icon-wrapper ult-adjust-bottom-margin   vc_custom_1554757279776  vc_custom_1554757279776\"><ul class=\"uavc-list\"><li><div class=\"uavc-list-content\" id=\"list-icon-wrap-8214\">\n<div class=\"uavc-list-icon  \" data-animation=\"\" data-animation-delay=\"03\" style=\"margin-right:20px;\"><div class=\"ult-just-icon-wrapper  \"><div class=\"align-icon\" style=\"text-align:center;\">\n<div class=\"aio-icon circle \"  style=\"color:#204571;background:#eaeaea;font-size:30px;display:inline-block;\">\n\t<i class=\"Defaults-file-pdf-o\"><\/i>\n<\/div><\/div><\/div>\n<\/div><span  data-ultimate-target='#list-icon-wrap-8214 .uavc-list-desc'  data-responsive-json-new='{\"font-size\":\"\",\"line-height\":\"\"}'  class=\"uavc-list-desc ult-responsive\" style=\"\"><\/p>\n<h6>Resoluci\u00f3n 243 de 2019<\/h6>\n<p style=\"text-align: left;\">Por medio de la cual se adopta el manual de identidad para la operaci\u00f3n del servicio p\u00fablico de transporte colectivo &#8220;Sonr\u00edo&#8221;.<\/p>\n<p style=\"text-align: left;\"><a href=\"\/web\/wp-content\/uploads\/2019\/04\/Resoluci\u00f3n-243-de-2019.pdf\" target=\"_blank\" rel=\"noopener\">Ver m\u00e1s<\/a><\/p>\n<p><\/span><\/div><\/li><li><div class=\"uavc-list-content\" id=\"list-icon-wrap-4647\">\n<div class=\"uavc-list-icon  \" data-animation=\"\" data-animation-delay=\"03\" style=\"margin-right:20px;\"><div class=\"ult-just-icon-wrapper  \"><div class=\"align-icon\" style=\"text-align:center;\">\n<div class=\"aio-icon circle \"  style=\"color:#204571;background:#eaeaea;font-size:30px;display:inline-block;\">\n\t<i class=\"Defaults-file-pdf-o\"><\/i>\n<\/div><\/div><\/div>\n<\/div><span  data-ultimate-target='#list-icon-wrap-4647 .uavc-list-desc'  data-responsive-json-new='{\"font-size\":\"\",\"line-height\":\"\"}'  class=\"uavc-list-desc ult-responsive\" style=\"\"><\/p>\n<h6>Resoluci\u00f3n 354 de 2017<\/h6>\n<p style=\"text-align: left;\">Por la cual se establece el estacionamiento automotor en el aeropuerto Jos\u00e9 Mar\u00eda C\u00f3rdova y se dictan otras disposiciones.<\/p>\n<p style=\"text-align: left;\"><a href=\"\/web\/wp-content\/uploads\/2019\/04\/Resoluci\u00f3n-354-05-04-2017-Estacionamiento-Aeropuerto-1.pdf\" target=\"_blank\" rel=\"noopener\">Ver mas<\/a><\/p>\n<p><\/span><\/div><\/li><li><div class=\"uavc-list-content\" id=\"list-icon-wrap-6730\">\n<div class=\"uavc-list-icon  \" data-animation=\"\" data-animation-delay=\"03\" style=\"margin-right:20px;\"><div class=\"ult-just-icon-wrapper  \"><div class=\"align-icon\" style=\"text-align:center;\">\n<div class=\"aio-icon circle \"  style=\"color:#204571;background:#eaeaea;font-size:30px;display:inline-block;\">\n\t<i class=\"Defaults-file-pdf-o\"><\/i>\n<\/div><\/div><\/div>\n<\/div><span  data-ultimate-target='#list-icon-wrap-6730 .uavc-list-desc'  data-responsive-json-new='{\"font-size\":\"\",\"line-height\":\"\"}'  class=\"uavc-list-desc ult-responsive\" style=\"\"><\/p>\n<h6>Resoluci\u00f3n 0971 de 2018<\/h6>\n<p style=\"text-align: left;\">Por medio de la cual se reglamentan los sistemas de gesti\u00f3n y control de flota del transporte p\u00fablico colectivo del municipio de Rionegro, Antioquia.<\/p>\n<p style=\"text-align: left;\"><a href=\"\/web\/wp-content\/uploads\/2019\/04\/RESOLUCION-0971-DE-19-OCTUBRE-DE-2018-GESTI\u00d3N-Y-CONTROL-DE-FLOTA-1.pdf\" target=\"_blank\" rel=\"noopener\">Ver mas<\/a><\/p>\n<p><\/span><\/div><\/li><\/ul><\/div>[\/vc_column][vc_column width=&#8221;1\/4&#8243;]<div class=\"uavc-list-icon uavc-list-icon-wrapper ult-adjust-bottom-margin   vc_custom_1554397885131  vc_custom_1554397885131\"><ul class=\"uavc-list\"><li><div class=\"uavc-list-content\" id=\"list-icon-wrap-4824\">\n<div class=\"uavc-list-icon  \" data-animation=\"\" data-animation-delay=\"03\" style=\"margin-right:20px;\"><div class=\"ult-just-icon-wrapper  \"><div class=\"align-icon\" style=\"text-align:center;\">\n<div class=\"aio-icon circle \"  style=\"color:#204571;background:#eaeaea;font-size:30px;display:inline-block;\">\n\t<i class=\"Defaults-file-pdf-o\"><\/i>\n<\/div><\/div><\/div>\n<\/div><span  data-ultimate-target='#list-icon-wrap-4824 .uavc-list-desc'  data-responsive-json-new='{\"font-size\":\"\",\"line-height\":\"\"}'  class=\"uavc-list-desc ult-responsive\" style=\"\"><\/p>\n<h6>Decreto 083 de 2019<\/h6>\n<p style=\"text-align: left;\">Por medio del cual se procede a la estructuraci\u00f3n del servicio p\u00fablico de transporte terrestre automotor individual de pasajeros en veh\u00edculos tipo taxi.<\/p>\n<p style=\"text-align: left;\"><a href=\"https:\/\/10.240.8.148\/web\/wp-content\/uploads\/2019\/04\/Decreto-083-de-2018.pdf\" target=\"_blank\" rel=\"noopener\">Ver m\u00e1s<\/a><\/p>\n<p><\/span><\/div><\/li><li><div class=\"uavc-list-content\" id=\"list-icon-wrap-2766\">\n<div class=\"uavc-list-icon  \" data-animation=\"\" data-animation-delay=\"03\" style=\"margin-right:20px;\"><div class=\"ult-just-icon-wrapper  \"><div class=\"align-icon\" style=\"text-align:center;\">\n<div class=\"aio-icon circle \"  style=\"color:#204571;background:#eaeaea;font-size:30px;display:inline-block;\">\n\t<i class=\"Defaults-file-pdf-o\"><\/i>\n<\/div><\/div><\/div>\n<\/div><span  data-ultimate-target='#list-icon-wrap-2766 .uavc-list-desc'  data-responsive-json-new='{\"font-size\":\"\",\"line-height\":\"\"}'  class=\"uavc-list-desc ult-responsive\" style=\"\"><\/p>\n<h6>Anexo pol\u00edticas Decreto 082<\/h6>\n<p style=\"text-align: left;\">Bases generales para la formulaci\u00f3n y autorizaci\u00f3n de convenios empresariales para la operaci\u00f3n conjunta del subsistema de transporte p\u00fablico colectivo del municipio de Rionegro.<\/p>\n<p style=\"text-align: left;\"><a href=\"\/web\/wp-content\/uploads\/2019\/04\/ANEXO-POLITICAS-DECRETO-082.pdf\" target=\"_blank\" rel=\"noopener\">Ver mas<\/a><\/p>\n<p><\/span><\/div><\/li><li><div class=\"uavc-list-content\" id=\"list-icon-wrap-2773\">\n<div class=\"uavc-list-icon  \" data-animation=\"\" data-animation-delay=\"03\" style=\"margin-right:20px;\"><div class=\"ult-just-icon-wrapper  \"><div class=\"align-icon\" style=\"text-align:center;\">\n<div class=\"aio-icon circle \"  style=\"color:#204571;background:#eaeaea;font-size:30px;display:inline-block;\">\n\t<i class=\"Defaults-file-pdf-o\"><\/i>\n<\/div><\/div><\/div>\n<\/div><span  data-ultimate-target='#list-icon-wrap-2773 .uavc-list-desc'  data-responsive-json-new='{\"font-size\":\"\",\"line-height\":\"\"}'  class=\"uavc-list-desc ult-responsive\" style=\"\"><\/p>\n<h6>Decreto 222 de 2016<\/h6>\n<p style=\"text-align: left;\">Por medio del cual se dictan disposiciones en materia del servicio p\u00fablico de transporte terrestre automotor individual de pasajeros de veh\u00edculos taxi del municipio de Rionegro.<\/p>\n<p style=\"text-align: left;\"><a href=\"\/web\/wp-content\/uploads\/2019\/04\/DECRETO-222-2016.pdf\" target=\"_blank\" rel=\"noopener\">Ver mas<\/a><\/p>\n<p><\/span><\/div><\/li><\/ul><\/div>[\/vc_column][vc_column width=&#8221;1\/4&#8243;]<div class=\"uavc-list-icon uavc-list-icon-wrapper ult-adjust-bottom-margin   vc_custom_1554397885131  vc_custom_1554397885131\"><ul class=\"uavc-list\"><li><div class=\"uavc-list-content\" id=\"list-icon-wrap-1233\">\n<div class=\"uavc-list-icon  \" data-animation=\"\" data-animation-delay=\"03\" style=\"margin-right:20px;\"><div class=\"ult-just-icon-wrapper  \"><div class=\"align-icon\" style=\"text-align:center;\">\n<div class=\"aio-icon circle \"  style=\"color:#204571;background:#eaeaea;font-size:30px;display:inline-block;\">\n\t<i class=\"Defaults-file-pdf-o\"><\/i>\n<\/div><\/div><\/div>\n<\/div><span  data-ultimate-target='#list-icon-wrap-1233 .uavc-list-desc'  data-responsive-json-new='{\"font-size\":\"\",\"line-height\":\"\"}'  class=\"uavc-list-desc ult-responsive\" style=\"\"><\/p>\n<h6>Capacidad transportadora<\/h6>\n<p style=\"text-align: left;\">Descargue aqu\u00ed la planilla actualizada.<\/p>\n<p style=\"text-align: left;\"><a href=\"\/web\/wp-content\/uploads\/2019\/04\/CAPACIDAD-TRANSPORTADORA.pdf\" target=\"_blank\" rel=\"noopener\">Ver mas<\/a><\/p>\n<p><\/span><\/div><\/li><li><div class=\"uavc-list-content\" id=\"list-icon-wrap-2784\">\n<div class=\"uavc-list-icon  \" data-animation=\"\" data-animation-delay=\"03\" style=\"margin-right:20px;\"><div class=\"ult-just-icon-wrapper  \"><div class=\"align-icon\" style=\"text-align:center;\">\n<div class=\"aio-icon circle \"  style=\"color:#204571;background:#eaeaea;font-size:30px;display:inline-block;\">\n\t<i class=\"Defaults-file-pdf-o\"><\/i>\n<\/div><\/div><\/div>\n<\/div><span  data-ultimate-target='#list-icon-wrap-2784 .uavc-list-desc'  data-responsive-json-new='{\"font-size\":\"\",\"line-height\":\"\"}'  class=\"uavc-list-desc ult-responsive\" style=\"\"><\/p>\n<h6>Total veh\u00edculos por modalidad<\/h6>\n<p style=\"text-align: left;\">A continuaci\u00f3n encontrar\u00e1 la planilla actualizada.<\/p>\n<p style=\"text-align: left;\"><a href=\"\/web\/wp-content\/uploads\/2019\/04\/TOTAL-VEH\u00cdCULOS-ACTUALES-POR-MODALIDAD.pdf\" target=\"_blank\" rel=\"noopener\">Ver mas<\/a><\/p>\n<p><\/span><\/div><\/li><li><div class=\"uavc-list-content\" id=\"list-icon-wrap-7509\">\n<div class=\"uavc-list-icon  \" data-animation=\"\" data-animation-delay=\"03\" style=\"margin-right:20px;\"><div class=\"ult-just-icon-wrapper  \"><div class=\"align-icon\" style=\"text-align:center;\">\n<div class=\"aio-icon circle \"  style=\"color:#204571;background:#eaeaea;font-size:30px;display:inline-block;\">\n\t<i class=\"Defaults-file-pdf-o\"><\/i>\n<\/div><\/div><\/div>\n<\/div><span  data-ultimate-target='#list-icon-wrap-7509 .uavc-list-desc'  data-responsive-json-new='{\"font-size\":\"\",\"line-height\":\"\"}'  class=\"uavc-list-desc ult-responsive\" style=\"\"><\/p>\n<h6>Empresas autorizadas<\/h6>\n<p style=\"text-align: left;\">Aqu\u00ed encontrar\u00e1 una base de datos actualizada de las empresas.<\/p>\n<p style=\"text-align: left;\"><a href=\"\/web\/wp-content\/uploads\/2019\/04\/Base-de-datos-empresas-autorizadas.pdf\" target=\"_blank\" rel=\"noopener\">Ver mas<\/a><\/p>\n<p><\/span><\/div><\/li><li><div class=\"uavc-list-content\" id=\"list-icon-wrap-5428\">\n<div class=\"uavc-list-icon  \" data-animation=\"\" data-animation-delay=\"03\" style=\"margin-right:20px;\"><div class=\"ult-just-icon-wrapper  \"><div class=\"align-icon\" style=\"text-align:center;\">\n<div class=\"aio-icon circle \"  style=\"color:#204571;background:#eaeaea;font-size:30px;display:inline-block;\">\n\t<i class=\"Defaults-file-pdf-o\"><\/i>\n<\/div><\/div><\/div>\n<\/div><span  data-ultimate-target='#list-icon-wrap-5428 .uavc-list-desc'  data-responsive-json-new='{\"font-size\":\"\",\"line-height\":\"\"}'  class=\"uavc-list-desc ult-responsive\" style=\"\"><\/p>\n<h6>Decreto 040 de 2019<\/h6>\n<p style=\"text-align: left;\">Por el cual se hace una delegaci\u00f3n.<\/p>\n<p style=\"text-align: left;\"><a href=\"\/web\/wp-content\/uploads\/2019\/04\/DTO-040-2019.pdf\" target=\"_blank\" rel=\"noopener\">Ver mas<\/a><\/p>\n<p><\/span><\/div><\/li><\/ul><\/div>[\/vc_column][vc_column width=&#8221;1\/4&#8243;]<div class=\"uavc-list-icon uavc-list-icon-wrapper ult-adjust-bottom-margin   vc_custom_1554397885131  vc_custom_1554397885131\"><ul class=\"uavc-list\"><li><div class=\"uavc-list-content\" id=\"list-icon-wrap-4345\">\n<div class=\"uavc-list-icon  \" data-animation=\"\" data-animation-delay=\"03\" style=\"margin-right:20px;\"><div class=\"ult-just-icon-wrapper  \"><div class=\"align-icon\" style=\"text-align:center;\">\n<div class=\"aio-icon circle \"  style=\"color:#204571;background:#eaeaea;font-size:30px;display:inline-block;\">\n\t<i class=\"Defaults-file-pdf-o\"><\/i>\n<\/div><\/div><\/div>\n<\/div><span  data-ultimate-target='#list-icon-wrap-4345 .uavc-list-desc'  data-responsive-json-new='{\"font-size\":\"\",\"line-height\":\"\"}'  class=\"uavc-list-desc ult-responsive\" style=\"\"><\/p>\n<h6>Decreto 082 de 2019<\/h6>\n<p style=\"text-align: left;\">Por medio del cual se establecen las pol\u00edticas y par\u00e1metros generales para la reorganizaci\u00f3n del transporte p\u00fablico colectivo de pasajeros del municipio de Rionegro.<\/p>\n<p style=\"text-align: left;\"><a href=\"\/web\/wp-content\/uploads\/2019\/04\/DECRETO-082-DE-2019-POLITICAS-Y-PARAMETROS.pdf\" target=\"_blank\" rel=\"noopener\">Ver mas<\/a><\/p>\n<p><\/span><\/div><\/li><li><div class=\"uavc-list-content\" id=\"list-icon-wrap-3299\">\n<div class=\"uavc-list-icon  \" data-animation=\"\" data-animation-delay=\"03\" style=\"margin-right:20px;\"><div class=\"ult-just-icon-wrapper  \"><div class=\"align-icon\" style=\"text-align:center;\">\n<div class=\"aio-icon circle \"  style=\"color:#204571;background:#eaeaea;font-size:30px;display:inline-block;\">\n\t<i class=\"Defaults-file-pdf-o\"><\/i>\n<\/div><\/div><\/div>\n<\/div><span  data-ultimate-target='#list-icon-wrap-3299 .uavc-list-desc'  data-responsive-json-new='{\"font-size\":\"\",\"line-height\":\"\"}'  class=\"uavc-list-desc ult-responsive\" style=\"\"><\/p>\n<h6>Resoluci\u00f3n 1131 de 2018<\/h6>\n<p style=\"text-align: left;\">Por medio de la cual se modifica la resoluci\u00f3n 0971 de 19 de octubre 2018 que reglamenta los sistemas de gesti\u00f3n y control de la flota del transporte p\u00fablico colectivo del municipio de Rionegro, Antioquia.<\/p>\n<p style=\"text-align: left;\"><a href=\"\/web\/wp-content\/uploads\/2019\/04\/RES.-1131-DE-2018.pdf\" target=\"_blank\" rel=\"noopener\">Ver mas<\/a><\/p>\n<p><\/span><\/div><\/li><li><div class=\"uavc-list-content\" id=\"list-icon-wrap-6478\">\n<div class=\"uavc-list-icon  \" data-animation=\"\" data-animation-delay=\"03\" style=\"margin-right:20px;\"><div class=\"ult-just-icon-wrapper  \"><div class=\"align-icon\" style=\"text-align:center;\">\n<div class=\"aio-icon circle \"  style=\"color:#204571;background:#eaeaea;font-size:30px;display:inline-block;\">\n\t<i class=\"Defaults-file-pdf-o\"><\/i>\n<\/div><\/div><\/div>\n<\/div><span  data-ultimate-target='#list-icon-wrap-6478 .uavc-list-desc'  data-responsive-json-new='{\"font-size\":\"\",\"line-height\":\"\"}'  class=\"uavc-list-desc ult-responsive\" style=\"\"><\/p>\n<h6>Decreto 221 de 2016<\/h6>\n<p style=\"text-align: left;\">Por medio del cual se establecen las pol\u00edticas para la reestructuraci\u00f3n del transporte p\u00fablico colectivo de pasajeros del municipio de Rionegro, y se dictan otras disposiciones.<\/p>\n<p style=\"text-align: left;\"><a href=\"\/web\/wp-content\/uploads\/2019\/04\/DECRETO-221-DE-2016-1.pdf\" target=\"_blank\" rel=\"noopener\">Ver mas<\/a><\/p>\n<p><\/span><\/div><\/li><\/ul><\/div>[\/vc_column][\/vc_row]<\/p>\n","protected":false},"excerpt":{"rendered":"<p>[vc_row css=&#8221;.vc_custom_1554327140412{margin-top: 100px !important;margin-bottom: 100px !important;}&#8221;][vc_column][vc_column_text css=&#8221;.vc_custom_1554756613224{margin-right: 200px !important;margin-bottom: 0px !important;margin-left: 200px !important;border-right-width: 0px !important;border-bottom-width: 0px !important;border-left-width: 0px !important;padding-right: 10px !important;padding-bottom: 0px !important;padding-left: 10px !important;}&#8221;] A continuaci\u00f3n encontrar\u00e1 toda la&#8230;<\/p>\n","protected":false},"author":4,"featured_media":0,"parent":0,"menu_order":0,"comment_status":"closed","ping_status":"closed","template":"","meta":{"pgc_meta":""},"pgc_meta":"","_links":{"self":[{"href":"https:\/\/movilidad.rionegro.gov.co\/web\/wp-json\/wp\/v2\/pages\/12319"}],"collection":[{"href":"https:\/\/movilidad.rionegro.gov.co\/web\/wp-json\/wp\/v2\/pages"}],"about":[{"href":"https:\/\/movilidad.rionegro.gov.co\/web\/wp-json\/wp\/v2\/types\/page"}],"author":[{"embeddable":true,"href":"https:\/\/movilidad.rionegro.gov.co\/web\/wp-json\/wp\/v2\/users\/4"}],"replies":[{"embeddable":true,"href":"https:\/\/movilidad.rionegro.gov.co\/web\/wp-json\/wp\/v2\/comments?post=12319"}],"version-history":[{"count":36,"href":"https:\/\/movilidad.rionegro.gov.co\/web\/wp-json\/wp\/v2\/pages\/12319\/revisions"}],"predecessor-version":[{"id":13589,"href":"https:\/\/movilidad.rionegro.gov.co\/web\/wp-json\/wp\/v2\/pages\/12319\/revisions\/13589"}],"wp:attachment":[{"href":"https:\/\/movilidad.rionegro.gov.co\/web\/wp-json\/wp\/v2\/media?parent=12319"}],"curies":[{"name":"wp","href":"https:\/\/api.w.org\/{rel}","templated":true}]}}