{"id":13755,"date":"2024-07-29T16:29:14","date_gmt":"2024-07-29T21:29:14","guid":{"rendered":"https:\/\/movilidad.rionegro.gov.co\/web\/?page_id=13755"},"modified":"2026-03-27T14:11:13","modified_gmt":"2026-03-27T19:11:13","slug":"documentacion-fotodeteccion","status":"publish","type":"page","link":"https:\/\/movilidad.rionegro.gov.co\/web\/documentacion-fotodeteccion\/","title":{"rendered":"Documentaci\u00f3n Fotodetecci\u00f3n"},"content":{"rendered":"<p>[vc_row css=&#8221;.vc_custom_1722288528981{margin-top: 60px !important;margin-bottom: 60px !important;}&#8221;][vc_column width=&#8221;1\/6&#8243;][\/vc_column][vc_column width=&#8221;2\/3&#8243;][vc_column_text]<\/p>\n<p style=\"text-align: center; color: #1b1b1b; font-size: 20px;\">Consulta la documentaci\u00f3n sobre la instalaci\u00f3n y operaci\u00f3n de las c\u00e1maras de fotodecci\u00f3n.<\/p>\n<p>[\/vc_column_text][vc_separator color=&#8221;custom&#8221; border_width=&#8221;3&#8243; el_width=&#8221;10&#8243; accent_color=&#8221;#e62a4b&#8221; css=&#8221;.vc_custom_1554327469555{margin-top: 0px !important;border-top-width: 0px !important;padding-top: 0px !important;}&#8221;][\/vc_column][vc_column width=&#8221;1\/6&#8243;][\/vc_column][\/vc_row][vc_row][vc_column width=&#8221;1\/3&#8243;][vc_single_image image=&#8221;13765&#8243; img_size=&#8221;full&#8221; alignment=&#8221;center&#8221;][vc_custom_heading text=&#8221;Autorizaciones de la Agencia Nacional de Seguridad Vial (ANSV)&#8221; font_container=&#8221;tag:h5|text_align:left&#8221; use_theme_fonts=&#8221;yes&#8221;][vc_empty_space height=&#8221;15px&#8221;][vc_column_text]Autorizaci\u00f3n de la Agencia Nacional de Seguridad Vial para la instalaci\u00f3n de equipos o sistemas autom\u00e1ticos, semiautom\u00e1ticos y otros medios tecnol\u00f3gicos (SAST).[\/vc_column_text][vc_empty_space height=&#8221;15px&#8221;][vc_tta_accordion][vc_tta_section title=&#8221;Pintuco&#8221; tab_id=&#8221;1722353154845-e5b2fb19-770d&#8221;]<div class=\"uavc-list-icon uavc-list-icon-wrapper ult-adjust-bottom-margin   \"><ul class=\"uavc-list\"><li><div class=\"uavc-list-content\" id=\"list-icon-wrap-5744\">\n<div class=\"uavc-list-icon  \" data-animation=\"\" data-animation-delay=\"03\" style=\"margin-right:5px;\"><div class=\"ult-just-icon-wrapper  \"><div class=\"align-icon\" style=\"text-align:center;\">\n<div class=\"aio-icon none \"  style=\"color:#205072;font-size:16px;display:inline-block;\">\n\t<i class=\"Defaults-download\"><\/i>\n<\/div><\/div><\/div>\n<\/div><span  data-ultimate-target='#list-icon-wrap-5744 .uavc-list-desc'  data-responsive-json-new='{\"font-size\":\"\",\"line-height\":\"\"}'  class=\"uavc-list-desc ult-responsive\" style=\"\"><a href=\"https:\/\/movilidad.rionegro.gov.co\/web\/wp-content\/uploads\/2024\/07\/SOL0000005325-PINTUCO.pdf\" target=\"_blank\" rel=\"noopener\">SOL0000005325<\/a><\/span><\/div><\/li><li><div class=\"uavc-list-content\" id=\"list-icon-wrap-3286\">\n<div class=\"uavc-list-icon  \" data-animation=\"\" data-animation-delay=\"03\" style=\"margin-right:5px;\"><div class=\"ult-just-icon-wrapper  \"><div class=\"align-icon\" style=\"text-align:center;\">\n<div class=\"aio-icon none \"  style=\"color:#205072;font-size:16px;display:inline-block;\">\n\t<i class=\"Defaults-download\"><\/i>\n<\/div><\/div><\/div>\n<\/div><span  data-ultimate-target='#list-icon-wrap-3286 .uavc-list-desc'  data-responsive-json-new='{\"font-size\":\"\",\"line-height\":\"\"}'  class=\"uavc-list-desc ult-responsive\" style=\"\"><a href=\"https:\/\/movilidad.rionegro.gov.co\/web\/wp-content\/uploads\/2026\/01\/SOL0000011966-PINTUCO-2.pdf\" target=\"_blank\" rel=\"noopener\">SOL0000011966<\/a><\/span><\/div><\/li><\/ul><\/div>[\/vc_tta_section][vc_tta_section title=&#8221;Transversal 1&#8243; tab_id=&#8221;1722353154871-11658f3f-5c1d&#8221;]<div class=\"uavc-list-icon uavc-list-icon-wrapper ult-adjust-bottom-margin   \"><ul class=\"uavc-list\"><li><div class=\"uavc-list-content\" id=\"list-icon-wrap-7557\">\n<div class=\"uavc-list-icon  \" data-animation=\"\" data-animation-delay=\"03\" style=\"margin-right:5px;\"><div class=\"ult-just-icon-wrapper  \"><div class=\"align-icon\" style=\"text-align:center;\">\n<div class=\"aio-icon none \"  style=\"color:#205072;font-size:16px;display:inline-block;\">\n\t<i class=\"Defaults-download\"><\/i>\n<\/div><\/div><\/div>\n<\/div><span  data-ultimate-target='#list-icon-wrap-7557 .uavc-list-desc'  data-responsive-json-new='{\"font-size\":\"\",\"line-height\":\"\"}'  class=\"uavc-list-desc ult-responsive\" style=\"\"><a href=\"https:\/\/movilidad.rionegro.gov.co\/web\/wp-content\/uploads\/2024\/07\/SOL0000005341-TRANSVERSAL-1.pdf\" target=\"_blank\" rel=\"noopener\">SOL0000005341<\/a><\/span><\/div><\/li><\/ul><\/div>[\/vc_tta_section][vc_tta_section title=&#8221;Tranv\u00eda&#8221; tab_id=&#8221;1722353154894-289ca714-abe5&#8243;]<div class=\"uavc-list-icon uavc-list-icon-wrapper ult-adjust-bottom-margin   \"><ul class=\"uavc-list\"><li><div class=\"uavc-list-content\" id=\"list-icon-wrap-9404\">\n<div class=\"uavc-list-icon  \" data-animation=\"\" data-animation-delay=\"03\" style=\"margin-right:5px;\"><div class=\"ult-just-icon-wrapper  \"><div class=\"align-icon\" style=\"text-align:center;\">\n<div class=\"aio-icon none \"  style=\"color:#205072;font-size:16px;display:inline-block;\">\n\t<i class=\"Defaults-download\"><\/i>\n<\/div><\/div><\/div>\n<\/div><span  data-ultimate-target='#list-icon-wrap-9404 .uavc-list-desc'  data-responsive-json-new='{\"font-size\":\"\",\"line-height\":\"\"}'  class=\"uavc-list-desc ult-responsive\" style=\"\"><a href=\"https:\/\/movilidad.rionegro.gov.co\/web\/wp-content\/uploads\/2024\/07\/SOL0000005324-TRANVIA.pdf\" target=\"_blank\" rel=\"noopener\">SOL0000005324<\/a><\/span><\/div><\/li><\/ul><\/div>[\/vc_tta_section][vc_tta_section title=&#8221;Zona E&#8221; tab_id=&#8221;1768514749897-8518dedf-72a5&#8243;]<div class=\"uavc-list-icon uavc-list-icon-wrapper ult-adjust-bottom-margin   \"><ul class=\"uavc-list\"><li><div class=\"uavc-list-content\" id=\"list-icon-wrap-2480\">\n<div class=\"uavc-list-icon  \" data-animation=\"\" data-animation-delay=\"03\" style=\"margin-right:5px;\"><div class=\"ult-just-icon-wrapper  \"><div class=\"align-icon\" style=\"text-align:center;\">\n<div class=\"aio-icon none \"  style=\"color:#205072;font-size:16px;display:inline-block;\">\n\t<i class=\"Defaults-download\"><\/i>\n<\/div><\/div><\/div>\n<\/div><span  data-ultimate-target='#list-icon-wrap-2480 .uavc-list-desc'  data-responsive-json-new='{\"font-size\":\"\",\"line-height\":\"\"}'  class=\"uavc-list-desc ult-responsive\" style=\"\"><a href=\"https:\/\/movilidad.rionegro.gov.co\/web\/wp-content\/uploads\/2026\/01\/SOL0000011945-ZONA-E.pdf\" target=\"_blank\" rel=\"noopener\">SOL0000011945<\/a><\/span><\/div><\/li><\/ul><\/div>[\/vc_tta_section][\/vc_tta_accordion][\/vc_column][vc_column width=&#8221;1\/3&#8243;][vc_single_image image=&#8221;13768&#8243; img_size=&#8221;full&#8221; alignment=&#8221;center&#8221;][vc_custom_heading text=&#8221;Certificados Tipo V\u00eda&#8221; font_container=&#8221;tag:h5|text_align:left&#8221; use_theme_fonts=&#8221;yes&#8221;][vc_empty_space height=&#8221;15px&#8221;][vc_column_text]Certificaci\u00f3n del tipo de v\u00eda de ubicaci\u00f3n del equipo seg\u00fan el Plan de Ordenamiento Territorial (POT).[\/vc_column_text][vc_empty_space height=&#8221;15px&#8221;][vc_tta_accordion][vc_tta_section title=&#8221;Pintuco&#8221; tab_id=&#8221;1722270430691-41a7d82d-1f34&#8243;]<div class=\"uavc-list-icon uavc-list-icon-wrapper ult-adjust-bottom-margin   \"><ul class=\"uavc-list\"><li><div class=\"uavc-list-content\" id=\"list-icon-wrap-9372\">\n<div class=\"uavc-list-icon  \" data-animation=\"\" data-animation-delay=\"03\" style=\"margin-right:5px;\"><div class=\"ult-just-icon-wrapper  \"><div class=\"align-icon\" style=\"text-align:center;\">\n<div class=\"aio-icon none \"  style=\"color:#205072;font-size:16px;display:inline-block;\">\n\t<i class=\"Defaults-download\"><\/i>\n<\/div><\/div><\/div>\n<\/div><span  data-ultimate-target='#list-icon-wrap-9372 .uavc-list-desc'  data-responsive-json-new='{\"font-size\":\"\",\"line-height\":\"\"}'  class=\"uavc-list-desc ult-responsive\" style=\"\"><a href=\"https:\/\/movilidad.rionegro.gov.co\/web\/wp-content\/uploads\/2024\/07\/Vi\u0301a-Fiscali\u0301a-\u2013-Bele\u0301n-sector-Pintuco.pdf\" target=\"_blank\" rel=\"noopener\">Vi\u0301a Fiscali\u0301a \u2013 Bele\u0301n sector Pintuco<\/a><\/span><\/div><\/li><\/ul><\/div>[\/vc_tta_section][vc_tta_section title=&#8221;Transversal 1&#8243; tab_id=&#8221;1722270416769-9f4d6cda-8643&#8243;]<div class=\"uavc-list-icon uavc-list-icon-wrapper ult-adjust-bottom-margin   \"><ul class=\"uavc-list\"><li><div class=\"uavc-list-content\" id=\"list-icon-wrap-6198\">\n<div class=\"uavc-list-icon  \" data-animation=\"\" data-animation-delay=\"03\" style=\"margin-right:5px;\"><div class=\"ult-just-icon-wrapper  \"><div class=\"align-icon\" style=\"text-align:center;\">\n<div class=\"aio-icon none \"  style=\"color:#205072;font-size:16px;display:inline-block;\">\n\t<i class=\"Defaults-download\"><\/i>\n<\/div><\/div><\/div>\n<\/div><span  data-ultimate-target='#list-icon-wrap-6198 .uavc-list-desc'  data-responsive-json-new='{\"font-size\":\"\",\"line-height\":\"\"}'  class=\"uavc-list-desc ult-responsive\" style=\"\"><a href=\"https:\/\/movilidad.rionegro.gov.co\/web\/wp-content\/uploads\/2024\/07\/Vi\u0301a-transversal-1-sector-Arenas-y-Triturados.pdf\" target=\"_blank\" rel=\"noopener\">Vi\u0301a Transversal 1 &#8211; sector Arenas y Triturados<\/a><\/span><\/div><\/li><\/ul><\/div>[\/vc_tta_section][vc_tta_section title=&#8221;Tranv\u00eda&#8221; tab_id=&#8221;1722270416814-9c97de51-67bc&#8221;]<div class=\"uavc-list-icon uavc-list-icon-wrapper ult-adjust-bottom-margin   \"><ul class=\"uavc-list\"><li><div class=\"uavc-list-content\" id=\"list-icon-wrap-2235\">\n<div class=\"uavc-list-icon  \" data-animation=\"\" data-animation-delay=\"03\" style=\"margin-right:5px;\"><div class=\"ult-just-icon-wrapper  \"><div class=\"align-icon\" style=\"text-align:center;\">\n<div class=\"aio-icon none \"  style=\"color:#205072;font-size:16px;display:inline-block;\">\n\t<i class=\"Defaults-download\"><\/i>\n<\/div><\/div><\/div>\n<\/div><span  data-ultimate-target='#list-icon-wrap-2235 .uavc-list-desc'  data-responsive-json-new='{\"font-size\":\"\",\"line-height\":\"\"}'  class=\"uavc-list-desc ult-responsive\" style=\"\"><a href=\"https:\/\/movilidad.rionegro.gov.co\/web\/wp-content\/uploads\/2024\/07\/Vi\u0301a-tranvi\u0301a-Marinilla.pdf\" target=\"_blank\" rel=\"noopener\">Vi\u0301a Tranvi\u0301a &#8211; Marinilla<\/a><\/span><\/div><\/li><\/ul><\/div>[\/vc_tta_section][vc_tta_section title=&#8221;Zona E&#8221; tab_id=&#8221;1768594475659-2871d31a-c49d&#8221;]<div class=\"uavc-list-icon uavc-list-icon-wrapper ult-adjust-bottom-margin   \"><ul class=\"uavc-list\"><li><div class=\"uavc-list-content\" id=\"list-icon-wrap-6147\">\n<div class=\"uavc-list-icon  \" data-animation=\"\" data-animation-delay=\"03\" style=\"margin-right:5px;\"><div class=\"ult-just-icon-wrapper  \"><div class=\"align-icon\" style=\"text-align:center;\">\n<div class=\"aio-icon none \"  style=\"color:#205072;font-size:16px;display:inline-block;\">\n\t<i class=\"Defaults-download\"><\/i>\n<\/div><\/div><\/div>\n<\/div><span  data-ultimate-target='#list-icon-wrap-6147 .uavc-list-desc'  data-responsive-json-new='{\"font-size\":\"\",\"line-height\":\"\"}'  class=\"uavc-list-desc ult-responsive\" style=\"\"><a href=\"https:\/\/movilidad.rionegro.gov.co\/web\/wp-content\/uploads\/2026\/01\/Via-Tablazo-Zona-Franca-Sector-Zona-E.pdf\" target=\"_blank\" rel=\"noopener\">V\u00eda Tablazo &#8211; Zona Franca sector Zona E<\/a><\/span><\/div><\/li><\/ul><\/div>[\/vc_tta_section][\/vc_tta_accordion][\/vc_column][vc_column width=&#8221;1\/3&#8243;][vc_single_image image=&#8221;13767&#8243; img_size=&#8221;full&#8221; alignment=&#8221;center&#8221;][vc_custom_heading text=&#8221;Certificados de Calibraci\u00f3n&#8221; font_container=&#8221;tag:h5|text_align:left&#8221; use_theme_fonts=&#8221;yes&#8221;][vc_empty_space height=&#8221;15px&#8221;][vc_column_text]Certificaci\u00f3n vinculada a la medici\u00f3n de velocidad, emitida por laboratorio acreditado por la ONAC.[\/vc_column_text][vc_empty_space height=&#8221;15px&#8221;][vc_tta_accordion][vc_tta_section title=&#8221;Pintuco&#8221; tab_id=&#8221;1722353155123-7a342897-baa8&#8243;]<div class=\"uavc-list-icon uavc-list-icon-wrapper ult-adjust-bottom-margin   \"><ul class=\"uavc-list\"><li><div class=\"uavc-list-content\" id=\"list-icon-wrap-2980\">\n<div class=\"uavc-list-icon  \" data-animation=\"\" data-animation-delay=\"03\" style=\"margin-right:5px;\"><div class=\"ult-just-icon-wrapper  \"><div class=\"align-icon\" style=\"text-align:center;\">\n<div class=\"aio-icon none \"  style=\"color:#205072;font-size:16px;display:inline-block;\">\n\t<i class=\"Defaults-download\"><\/i>\n<\/div><\/div><\/div>\n<\/div><span  data-ultimate-target='#list-icon-wrap-2980 .uavc-list-desc'  data-responsive-json-new='{\"font-size\":\"\",\"line-height\":\"\"}'  class=\"uavc-list-desc ult-responsive\" style=\"\"><a href=\"https:\/\/movilidad.rionegro.gov.co\/web\/wp-content\/uploads\/2026\/01\/K75585773.pdf\" target=\"_blank\" rel=\"noopener\">K75585773<\/a><\/span><\/div><\/li><li><div class=\"uavc-list-content\" id=\"list-icon-wrap-9370\">\n<div class=\"uavc-list-icon  \" data-animation=\"\" data-animation-delay=\"03\" style=\"margin-right:5px;\"><div class=\"ult-just-icon-wrapper  \"><div class=\"align-icon\" style=\"text-align:center;\">\n<div class=\"aio-icon none \"  style=\"color:#205072;font-size:16px;display:inline-block;\">\n\t<i class=\"Defaults-download\"><\/i>\n<\/div><\/div><\/div>\n<\/div><span  data-ultimate-target='#list-icon-wrap-9370 .uavc-list-desc'  data-responsive-json-new='{\"font-size\":\"\",\"line-height\":\"\"}'  class=\"uavc-list-desc ult-responsive\" style=\"\"><a href=\"https:\/\/movilidad.rionegro.gov.co\/web\/wp-content\/uploads\/2026\/01\/FR6189501.pdf\" target=\"_blank\" rel=\"noopener\">FR6189501<\/a><\/span><\/div><\/li><\/ul><\/div>[\/vc_tta_section][vc_tta_section title=&#8221;Transversal 1&#8243; tab_id=&#8221;1722353155151-0032b7a0-5ecd&#8221;]<div class=\"uavc-list-icon uavc-list-icon-wrapper ult-adjust-bottom-margin   \"><ul class=\"uavc-list\"><li><div class=\"uavc-list-content\" id=\"list-icon-wrap-7386\">\n<div class=\"uavc-list-icon  \" data-animation=\"\" data-animation-delay=\"03\" style=\"margin-right:5px;\"><div class=\"ult-just-icon-wrapper  \"><div class=\"align-icon\" style=\"text-align:center;\">\n<div class=\"aio-icon none \"  style=\"color:#205072;font-size:16px;display:inline-block;\">\n\t<i class=\"Defaults-download\"><\/i>\n<\/div><\/div><\/div>\n<\/div><span  data-ultimate-target='#list-icon-wrap-7386 .uavc-list-desc'  data-responsive-json-new='{\"font-size\":\"\",\"line-height\":\"\"}'  class=\"uavc-list-desc ult-responsive\" style=\"\"><a href=\"https:\/\/movilidad.rionegro.gov.co\/web\/wp-content\/uploads\/2024\/07\/K75585772.pdf\" target=\"_blank\" rel=\"noopener\">K75585772<\/a><\/span><\/div><\/li><li><div class=\"uavc-list-content\" id=\"list-icon-wrap-4552\">\n<div class=\"uavc-list-icon  \" data-animation=\"\" data-animation-delay=\"03\" style=\"margin-right:5px;\"><div class=\"ult-just-icon-wrapper  \"><div class=\"align-icon\" style=\"text-align:center;\">\n<div class=\"aio-icon none \"  style=\"color:#205072;font-size:16px;display:inline-block;\">\n\t<i class=\"Defaults-download\"><\/i>\n<\/div><\/div><\/div>\n<\/div><span  data-ultimate-target='#list-icon-wrap-4552 .uavc-list-desc'  data-responsive-json-new='{\"font-size\":\"\",\"line-height\":\"\"}'  class=\"uavc-list-desc ult-responsive\" style=\"\"><a href=\"https:\/\/movilidad.rionegro.gov.co\/web\/wp-content\/uploads\/2024\/07\/K75585775.pdf\" target=\"_blank\" rel=\"noopener\">K75585775<\/a><\/span><\/div><\/li><\/ul><\/div>[\/vc_tta_section][vc_tta_section title=&#8221;Tranv\u00eda&#8221; tab_id=&#8221;1722353155189-d756b587-4cc6&#8243;]<div class=\"uavc-list-icon uavc-list-icon-wrapper ult-adjust-bottom-margin   \"><ul class=\"uavc-list\"><li><div class=\"uavc-list-content\" id=\"list-icon-wrap-9489\">\n<div class=\"uavc-list-icon  \" data-animation=\"\" data-animation-delay=\"03\" style=\"margin-right:5px;\"><div class=\"ult-just-icon-wrapper  \"><div class=\"align-icon\" style=\"text-align:center;\">\n<div class=\"aio-icon none \"  style=\"color:#205072;font-size:16px;display:inline-block;\">\n\t<i class=\"Defaults-download\"><\/i>\n<\/div><\/div><\/div>\n<\/div><span  data-ultimate-target='#list-icon-wrap-9489 .uavc-list-desc'  data-responsive-json-new='{\"font-size\":\"\",\"line-height\":\"\"}'  class=\"uavc-list-desc ult-responsive\" style=\"\"><a href=\"https:\/\/movilidad.rionegro.gov.co\/web\/wp-content\/uploads\/2024\/07\/K75585771.pdf\" target=\"_blank\" rel=\"noopener\">K75585771<\/a><\/span><\/div><\/li><li><div class=\"uavc-list-content\" id=\"list-icon-wrap-8539\">\n<div class=\"uavc-list-icon  \" data-animation=\"\" data-animation-delay=\"03\" style=\"margin-right:5px;\"><div class=\"ult-just-icon-wrapper  \"><div class=\"align-icon\" style=\"text-align:center;\">\n<div class=\"aio-icon none \"  style=\"color:#205072;font-size:16px;display:inline-block;\">\n\t<i class=\"Defaults-download\"><\/i>\n<\/div><\/div><\/div>\n<\/div><span  data-ultimate-target='#list-icon-wrap-8539 .uavc-list-desc'  data-responsive-json-new='{\"font-size\":\"\",\"line-height\":\"\"}'  class=\"uavc-list-desc ult-responsive\" style=\"\"><a href=\"https:\/\/movilidad.rionegro.gov.co\/web\/wp-content\/uploads\/2024\/07\/K75585774.pdf\" target=\"_blank\" rel=\"noopener\">K75585774<\/a><\/span><\/div><\/li><\/ul><\/div>[\/vc_tta_section][vc_tta_section title=&#8221;Zona E&#8221; tab_id=&#8221;1768595141139-bd532cf9-7dee&#8221;]<div class=\"uavc-list-icon uavc-list-icon-wrapper ult-adjust-bottom-margin   \"><ul class=\"uavc-list\"><li><div class=\"uavc-list-content\" id=\"list-icon-wrap-4265\">\n<div class=\"uavc-list-icon  \" data-animation=\"\" data-animation-delay=\"03\" style=\"margin-right:5px;\"><div class=\"ult-just-icon-wrapper  \"><div class=\"align-icon\" style=\"text-align:center;\">\n<div class=\"aio-icon none \"  style=\"color:#205072;font-size:16px;display:inline-block;\">\n\t<i class=\"Defaults-download\"><\/i>\n<\/div><\/div><\/div>\n<\/div><span  data-ultimate-target='#list-icon-wrap-4265 .uavc-list-desc'  data-responsive-json-new='{\"font-size\":\"\",\"line-height\":\"\"}'  class=\"uavc-list-desc ult-responsive\" style=\"\"><a href=\"https:\/\/movilidad.rionegro.gov.co\/web\/wp-content\/uploads\/2026\/01\/K75585776-ZONA-E1.pdf\" target=\"_blank\" rel=\"noopener\">K75585776<\/a><\/span><\/div><\/li><li><div class=\"uavc-list-content\" id=\"list-icon-wrap-2366\">\n<div class=\"uavc-list-icon  \" data-animation=\"\" data-animation-delay=\"03\" style=\"margin-right:5px;\"><div class=\"ult-just-icon-wrapper  \"><div class=\"align-icon\" style=\"text-align:center;\">\n<div class=\"aio-icon none \"  style=\"color:#205072;font-size:16px;display:inline-block;\">\n\t<i class=\"Defaults-download\"><\/i>\n<\/div><\/div><\/div>\n<\/div><span  data-ultimate-target='#list-icon-wrap-2366 .uavc-list-desc'  data-responsive-json-new='{\"font-size\":\"\",\"line-height\":\"\"}'  class=\"uavc-list-desc ult-responsive\" style=\"\"><a href=\"https:\/\/movilidad.rionegro.gov.co\/web\/wp-content\/uploads\/2026\/01\/K75585777-ZONA-E2.pdf\" target=\"_blank\" rel=\"noopener\">K75585777<\/a><\/span><\/div><\/li><\/ul><\/div>[\/vc_tta_section][\/vc_tta_accordion][\/vc_column][\/vc_row][vc_row][vc_column width=&#8221;1\/3&#8243;][vc_single_image image=&#8221;13769&#8243; img_size=&#8221;full&#8221; alignment=&#8221;center&#8221;][vc_custom_heading text=&#8221;Se\u00f1alizaci\u00f3n&#8221; font_container=&#8221;tag:h5|text_align:left&#8221; use_theme_fonts=&#8221;yes&#8221;][vc_empty_space height=&#8221;15px&#8221;][vc_column_text]Videos de evidencia de la ubicaci\u00f3n de la respectiva se\u00f1alizaci\u00f3n.[\/vc_column_text][vc_tta_accordion][vc_tta_section title=&#8221;Pintuco&#8221; tab_id=&#8221;1769438172161-13736497-1336&#8243;]<div class=\"uavc-list-icon uavc-list-icon-wrapper ult-adjust-bottom-margin   \"><ul class=\"uavc-list\"><li><div class=\"uavc-list-content\" id=\"list-icon-wrap-7538\">\n<div class=\"uavc-list-icon  \" data-animation=\"\" data-animation-delay=\"03\" style=\"margin-right:5px;\"><div class=\"ult-just-icon-wrapper  \"><div class=\"align-icon\" style=\"text-align:center;\">\n<div class=\"aio-icon none \"  style=\"color:#205072;font-size:16px;display:inline-block;\">\n\t<i class=\"Defaults-video-camera\"><\/i>\n<\/div><\/div><\/div>\n<\/div><span  data-ultimate-target='#list-icon-wrap-7538 .uavc-list-desc'  data-responsive-json-new='{\"font-size\":\"\",\"line-height\":\"\"}'  class=\"uavc-list-desc ult-responsive\" style=\"\"><a href=\"https:\/\/movilidad.rionegro.gov.co\/web\/wp-content\/uploads\/2026\/01\/Pintuco%20sentido%20Bele\u0301n%20-%20Fiscali\u0301a(evidencia%20450mtrs).mp4\" target=\"_blank\" rel=\"noopener\">Pintuco sentido Bel\u00e9n &#8211; Fiscal\u00eda<\/a><\/span><\/div><\/li><li><div class=\"uavc-list-content\" id=\"list-icon-wrap-4445\">\n<div class=\"uavc-list-icon  \" data-animation=\"\" data-animation-delay=\"03\" style=\"margin-right:5px;\"><div class=\"ult-just-icon-wrapper  \"><div class=\"align-icon\" style=\"text-align:center;\">\n<div class=\"aio-icon none \"  style=\"color:#205072;font-size:16px;display:inline-block;\">\n\t<i class=\"Defaults-video-camera\"><\/i>\n<\/div><\/div><\/div>\n<\/div><span  data-ultimate-target='#list-icon-wrap-4445 .uavc-list-desc'  data-responsive-json-new='{\"font-size\":\"\",\"line-height\":\"\"}'  class=\"uavc-list-desc ult-responsive\" style=\"\"><a href=\"https:\/\/movilidad.rionegro.gov.co\/web\/wp-content\/uploads\/2026\/01\/Pintuco%20sentido%20Fiscali\u0301a-Bele\u0301n.mp4\" target=\"_blank\" rel=\"noopener\">Pintuco sentido Fiscal\u00eda &#8211; Bel\u00e9n\u00a0<\/a><\/span><\/div><\/li><\/ul><\/div>[\/vc_tta_section][vc_tta_section title=&#8221;Transversal 1&#8243; tab_id=&#8221;1722270443371-cd4c52c5-3c8c&#8221;]<div class=\"uavc-list-icon uavc-list-icon-wrapper ult-adjust-bottom-margin   \"><ul class=\"uavc-list\"><li><div class=\"uavc-list-content\" id=\"list-icon-wrap-2724\">\n<div class=\"uavc-list-icon  \" data-animation=\"\" data-animation-delay=\"03\" style=\"margin-right:5px;\"><div class=\"ult-just-icon-wrapper  \"><div class=\"align-icon\" style=\"text-align:center;\">\n<div class=\"aio-icon none \"  style=\"color:#205072;font-size:16px;display:inline-block;\">\n\t<i class=\"Defaults-video-camera\"><\/i>\n<\/div><\/div><\/div>\n<\/div><span  data-ultimate-target='#list-icon-wrap-2724 .uavc-list-desc'  data-responsive-json-new='{\"font-size\":\"\",\"line-height\":\"\"}'  class=\"uavc-list-desc ult-responsive\" style=\"\"><a href=\"https:\/\/movilidad.rionegro.gov.co\/web\/wp-content\/uploads\/2026\/01\/Transversal%201%20sentido%20Gualanday-Porvenir%20-.mp4\">Transversal 1 sentido Gualanday &#8211; Porvenir<\/a><\/span><\/div><\/li><li><div class=\"uavc-list-content\" id=\"list-icon-wrap-2691\">\n<div class=\"uavc-list-icon  \" data-animation=\"\" data-animation-delay=\"03\" style=\"margin-right:5px;\"><div class=\"ult-just-icon-wrapper  \"><div class=\"align-icon\" style=\"text-align:center;\">\n<div class=\"aio-icon none \"  style=\"color:#205072;font-size:16px;display:inline-block;\">\n\t<i class=\"Defaults-video-camera\"><\/i>\n<\/div><\/div><\/div>\n<\/div><span  data-ultimate-target='#list-icon-wrap-2691 .uavc-list-desc'  data-responsive-json-new='{\"font-size\":\"\",\"line-height\":\"\"}'  class=\"uavc-list-desc ult-responsive\" style=\"\"><a href=\"https:\/\/movilidad.rionegro.gov.co\/web\/wp-content\/uploads\/2026\/01\/Transversal%201%20sentido%20Porvenir%20-%20Gualanday.mp4\" target=\"_blank\" rel=\"noopener\">Transversal 1 sentido Porvenir &#8211; Gualanday<\/a><\/span><\/div><\/li><\/ul><\/div>[\/vc_tta_section][vc_tta_section title=&#8221;Tranv\u00eda&#8221; tab_id=&#8221;1769438561942-3e2382b7-7512&#8243;]<div class=\"uavc-list-icon uavc-list-icon-wrapper ult-adjust-bottom-margin   \"><ul class=\"uavc-list\"><li><div class=\"uavc-list-content\" id=\"list-icon-wrap-6409\">\n<div class=\"uavc-list-icon  \" data-animation=\"\" data-animation-delay=\"03\" style=\"margin-right:5px;\"><div class=\"ult-just-icon-wrapper  \"><div class=\"align-icon\" style=\"text-align:center;\">\n<div class=\"aio-icon none \"  style=\"color:#205072;font-size:16px;display:inline-block;\">\n\t<i class=\"Defaults-video-camera\"><\/i>\n<\/div><\/div><\/div>\n<\/div><span  data-ultimate-target='#list-icon-wrap-6409 .uavc-list-desc'  data-responsive-json-new='{\"font-size\":\"\",\"line-height\":\"\"}'  class=\"uavc-list-desc ult-responsive\" style=\"\"><a href=\"https:\/\/movilidad.rionegro.gov.co\/web\/wp-content\/uploads\/2026\/01\/Tranvi\u0301a%20sentido%20Marinilla%20-%20Rionegro.mp4\" target=\"_blank\" rel=\"noopener\">Tranv\u00eda sentido Marinilla &#8211; Rionegro\u00a0<\/a><\/span><\/div><\/li><li><div class=\"uavc-list-content\" id=\"list-icon-wrap-2682\">\n<div class=\"uavc-list-icon  \" data-animation=\"\" data-animation-delay=\"03\" style=\"margin-right:5px;\"><div class=\"ult-just-icon-wrapper  \"><div class=\"align-icon\" style=\"text-align:center;\">\n<div class=\"aio-icon none \"  style=\"color:#205072;font-size:16px;display:inline-block;\">\n\t<i class=\"Defaults-video-camera\"><\/i>\n<\/div><\/div><\/div>\n<\/div><span  data-ultimate-target='#list-icon-wrap-2682 .uavc-list-desc'  data-responsive-json-new='{\"font-size\":\"\",\"line-height\":\"\"}'  class=\"uavc-list-desc ult-responsive\" style=\"\"><a href=\"https:\/\/movilidad.rionegro.gov.co\/web\/wp-content\/uploads\/2026\/01\/Tranvi\u0301a%20sentido%20Rionegro%20-%20Marinilla.mp4\" target=\"_blank\" rel=\"noopener\">Tranv\u00eda sentido Rionegro &#8211; Marinilla\u00a0<\/a><\/span><\/div><\/li><\/ul><\/div>[\/vc_tta_section][vc_tta_section title=&#8221;Zona E&#8221; tab_id=&#8221;1768838496504-c1b6f086-41f1&#8243;]<div class=\"uavc-list-icon uavc-list-icon-wrapper ult-adjust-bottom-margin   \"><ul class=\"uavc-list\"><li><div class=\"uavc-list-content\" id=\"list-icon-wrap-6121\">\n<div class=\"uavc-list-icon  \" data-animation=\"\" data-animation-delay=\"03\" style=\"margin-right:5px;\"><div class=\"ult-just-icon-wrapper  \"><div class=\"align-icon\" style=\"text-align:center;\">\n<div class=\"aio-icon none \"  style=\"color:#205072;font-size:16px;display:inline-block;\">\n\t<i class=\"Defaults-video-camera\"><\/i>\n<\/div><\/div><\/div>\n<\/div><span  data-ultimate-target='#list-icon-wrap-6121 .uavc-list-desc'  data-responsive-json-new='{\"font-size\":\"\",\"line-height\":\"\"}'  class=\"uavc-list-desc ult-responsive\" style=\"\"><a href=\"https:\/\/movilidad.rionegro.gov.co\/web\/wp-content\/uploads\/2026\/01\/Zona%20E1%20Evidencia%20Direccional%2030Metros.mp4\" target=\"_blank\" rel=\"noopener\">Zona E1 evidencia direccional 30 metros<\/a><\/span><\/div><\/li><li><div class=\"uavc-list-content\" id=\"list-icon-wrap-5581\">\n<div class=\"uavc-list-icon  \" data-animation=\"\" data-animation-delay=\"03\" style=\"margin-right:5px;\"><div class=\"ult-just-icon-wrapper  \"><div class=\"align-icon\" style=\"text-align:center;\">\n<div class=\"aio-icon none \"  style=\"color:#205072;font-size:16px;display:inline-block;\">\n\t<i class=\"Defaults-video-camera\"><\/i>\n<\/div><\/div><\/div>\n<\/div><span  data-ultimate-target='#list-icon-wrap-5581 .uavc-list-desc'  data-responsive-json-new='{\"font-size\":\"\",\"line-height\":\"\"}'  class=\"uavc-list-desc ult-responsive\" style=\"\"><a href=\"https:\/\/movilidad.rionegro.gov.co\/web\/wp-content\/uploads\/2026\/01\/Zona%20E1%20sentido%20Tablazo-%20Porvenir.mp4\" target=\"_blank\" rel=\"noopener\">Zona E1 sentido Tablazo &#8211; Porvenir<\/a><\/span><\/div><\/li><li><div class=\"uavc-list-content\" id=\"list-icon-wrap-4263\">\n<div class=\"uavc-list-icon  \" data-animation=\"\" data-animation-delay=\"03\" style=\"margin-right:5px;\"><div class=\"ult-just-icon-wrapper  \"><div class=\"align-icon\" style=\"text-align:center;\">\n<div class=\"aio-icon none \"  style=\"color:#205072;font-size:16px;display:inline-block;\">\n\t<i class=\"Defaults-video-camera\"><\/i>\n<\/div><\/div><\/div>\n<\/div><span  data-ultimate-target='#list-icon-wrap-4263 .uavc-list-desc'  data-responsive-json-new='{\"font-size\":\"\",\"line-height\":\"\"}'  class=\"uavc-list-desc ult-responsive\" style=\"\"><a href=\"https:\/\/movilidad.rionegro.gov.co\/web\/wp-content\/uploads\/2026\/01\/Zona%20E2%20sentido%20Porvenir-Tablazo.mp4\" target=\"_blank\" rel=\"noopener\">Zona E2 sentido Porvenir &#8211; Tablazo<\/a><\/span><\/div><\/li><\/ul><\/div>[\/vc_tta_section][\/vc_tta_accordion][\/vc_column][vc_column width=&#8221;1\/3&#8243;][vc_single_image image=&#8221;13770&#8243; img_size=&#8221;full&#8221; alignment=&#8221;center&#8221;][vc_custom_heading text=&#8221;Verificaciones de Calibraci\u00f3n&#8221; font_container=&#8221;tag:h5|text_align:left&#8221; use_theme_fonts=&#8221;yes&#8221;][vc_empty_space height=&#8221;15px&#8221;][vc_column_text]Verificaci\u00f3n peri\u00f3dica sobre el correcto funcionamiento del instrumento de medici\u00f3n de velocidad.[\/vc_column_text][vc_tta_accordion][vc_tta_section title=&#8221;Pintuco&#8221; tab_id=&#8221;1722270439374-f7958f46-8347&#8243;]<div class=\"uavc-list-icon uavc-list-icon-wrapper ult-adjust-bottom-margin   \"><ul class=\"uavc-list\"><li><div class=\"uavc-list-content\" id=\"list-icon-wrap-4884\">\n<div class=\"uavc-list-icon  \" data-animation=\"\" data-animation-delay=\"03\" style=\"margin-right:5px;\"><div class=\"ult-just-icon-wrapper  \"><div class=\"align-icon\" style=\"text-align:center;\">\n<div class=\"aio-icon none \"  style=\"color:#205072;font-size:16px;display:inline-block;\">\n\t<i class=\"Defaults-download\"><\/i>\n<\/div><\/div><\/div>\n<\/div><span  data-ultimate-target='#list-icon-wrap-4884 .uavc-list-desc'  data-responsive-json-new='{\"font-size\":\"\",\"line-height\":\"\"}'  class=\"uavc-list-desc ult-responsive\" style=\"\"><a href=\"https:\/\/movilidad.rionegro.gov.co\/web\/wp-content\/uploads\/2026\/01\/K75585773-1.pdf\" target=\"_blank\" rel=\"noopener\">K75585773<\/a><\/span><\/div><\/li><li><div class=\"uavc-list-content\" id=\"list-icon-wrap-7623\">\n<div class=\"uavc-list-icon  \" data-animation=\"\" data-animation-delay=\"03\" style=\"margin-right:5px;\"><div class=\"ult-just-icon-wrapper  \"><div class=\"align-icon\" style=\"text-align:center;\">\n<div class=\"aio-icon none \"  style=\"color:#205072;font-size:16px;display:inline-block;\">\n\t<i class=\"Defaults-download\"><\/i>\n<\/div><\/div><\/div>\n<\/div><span  data-ultimate-target='#list-icon-wrap-7623 .uavc-list-desc'  data-responsive-json-new='{\"font-size\":\"\",\"line-height\":\"\"}'  class=\"uavc-list-desc ult-responsive\" style=\"\"><a href=\"https:\/\/movilidad.rionegro.gov.co\/web\/wp-content\/uploads\/2026\/01\/FR6189501-PINTUCO.pdf\" target=\"_blank\" rel=\"noopener\">FR6189501<\/a><\/span><\/div><\/li><\/ul><\/div>[\/vc_tta_section][vc_tta_section title=&#8221;Transversal&#8221; tab_id=&#8221;1768590389049-eb82b5b4-2f49&#8243;]<div class=\"uavc-list-icon uavc-list-icon-wrapper ult-adjust-bottom-margin   \"><ul class=\"uavc-list\"><li><div class=\"uavc-list-content\" id=\"list-icon-wrap-6029\">\n<div class=\"uavc-list-icon  \" data-animation=\"\" data-animation-delay=\"03\" style=\"margin-right:5px;\"><div class=\"ult-just-icon-wrapper  \"><div class=\"align-icon\" style=\"text-align:center;\">\n<div class=\"aio-icon none \"  style=\"color:#205072;font-size:16px;display:inline-block;\">\n\t<i class=\"Defaults-download\"><\/i>\n<\/div><\/div><\/div>\n<\/div><span  data-ultimate-target='#list-icon-wrap-6029 .uavc-list-desc'  data-responsive-json-new='{\"font-size\":\"\",\"line-height\":\"\"}'  class=\"uavc-list-desc ult-responsive\" style=\"\"><a href=\"https:\/\/movilidad.rionegro.gov.co\/web\/wp-content\/uploads\/2026\/01\/K75585772.pdf\" target=\"_blank\" rel=\"noopener\">K75585772<\/a><\/span><\/div><\/li><li><div class=\"uavc-list-content\" id=\"list-icon-wrap-9572\">\n<div class=\"uavc-list-icon  \" data-animation=\"\" data-animation-delay=\"03\" style=\"margin-right:5px;\"><div class=\"ult-just-icon-wrapper  \"><div class=\"align-icon\" style=\"text-align:center;\">\n<div class=\"aio-icon none \"  style=\"color:#205072;font-size:16px;display:inline-block;\">\n\t<i class=\"Defaults-download\"><\/i>\n<\/div><\/div><\/div>\n<\/div><span  data-ultimate-target='#list-icon-wrap-9572 .uavc-list-desc'  data-responsive-json-new='{\"font-size\":\"\",\"line-height\":\"\"}'  class=\"uavc-list-desc ult-responsive\" style=\"\"><a href=\"https:\/\/movilidad.rionegro.gov.co\/web\/wp-content\/uploads\/2026\/01\/K75585775.pdf\" target=\"_blank\" rel=\"noopener\">K75585775<\/a><\/span><\/div><\/li><\/ul><\/div>[\/vc_tta_section][vc_tta_section title=&#8221;Tranv\u00eda&#8221; tab_id=&#8221;1722270439467-25bb212d-6176&#8243;]<div class=\"uavc-list-icon uavc-list-icon-wrapper ult-adjust-bottom-margin   \"><ul class=\"uavc-list\"><li><div class=\"uavc-list-content\" id=\"list-icon-wrap-5145\">\n<div class=\"uavc-list-icon  \" data-animation=\"\" data-animation-delay=\"03\" style=\"margin-right:5px;\"><div class=\"ult-just-icon-wrapper  \"><div class=\"align-icon\" style=\"text-align:center;\">\n<div class=\"aio-icon none \"  style=\"color:#205072;font-size:16px;display:inline-block;\">\n\t<i class=\"Defaults-download\"><\/i>\n<\/div><\/div><\/div>\n<\/div><span  data-ultimate-target='#list-icon-wrap-5145 .uavc-list-desc'  data-responsive-json-new='{\"font-size\":\"\",\"line-height\":\"\"}'  class=\"uavc-list-desc ult-responsive\" style=\"\"><a href=\"https:\/\/movilidad.rionegro.gov.co\/web\/wp-content\/uploads\/2025\/05\/K75585771.pdf\" target=\"_blank\" rel=\"noopener\">K75585771<\/a><\/span><\/div><\/li><li><div class=\"uavc-list-content\" id=\"list-icon-wrap-5033\">\n<div class=\"uavc-list-icon  \" data-animation=\"\" data-animation-delay=\"03\" style=\"margin-right:5px;\"><div class=\"ult-just-icon-wrapper  \"><div class=\"align-icon\" style=\"text-align:center;\">\n<div class=\"aio-icon none \"  style=\"color:#205072;font-size:16px;display:inline-block;\">\n\t<i class=\"Defaults-download\"><\/i>\n<\/div><\/div><\/div>\n<\/div><span  data-ultimate-target='#list-icon-wrap-5033 .uavc-list-desc'  data-responsive-json-new='{\"font-size\":\"\",\"line-height\":\"\"}'  class=\"uavc-list-desc ult-responsive\" style=\"\"><a href=\"https:\/\/movilidad.rionegro.gov.co\/web\/wp-content\/uploads\/2025\/05\/K75585774.pdf\" target=\"_blank\" rel=\"noopener\">K75585774<\/a><\/span><\/div><\/li><\/ul><\/div>[\/vc_tta_section][vc_tta_section title=&#8221;Zona E&#8221; tab_id=&#8221;1768586505909-018e2bb0-6fcb&#8221;]<div class=\"uavc-list-icon uavc-list-icon-wrapper ult-adjust-bottom-margin   \"><ul class=\"uavc-list\"><li><div class=\"uavc-list-content\" id=\"list-icon-wrap-4920\">\n<div class=\"uavc-list-icon  \" data-animation=\"\" data-animation-delay=\"03\" style=\"margin-right:5px;\"><div class=\"ult-just-icon-wrapper  \"><div class=\"align-icon\" style=\"text-align:center;\">\n<div class=\"aio-icon none \"  style=\"color:#205072;font-size:16px;display:inline-block;\">\n\t<i class=\"Defaults-download\"><\/i>\n<\/div><\/div><\/div>\n<\/div><span  data-ultimate-target='#list-icon-wrap-4920 .uavc-list-desc'  data-responsive-json-new='{\"font-size\":\"\",\"line-height\":\"\"}'  class=\"uavc-list-desc ult-responsive\" style=\"\"><a href=\"https:\/\/movilidad.rionegro.gov.co\/web\/wp-content\/uploads\/2026\/01\/K75585776-Zona-E1.pdf\" target=\"_blank\" rel=\"noopener\">K75585776\u00a0<\/a><\/span><\/div><\/li><li><div class=\"uavc-list-content\" id=\"list-icon-wrap-4465\">\n<div class=\"uavc-list-icon  \" data-animation=\"\" data-animation-delay=\"03\" style=\"margin-right:5px;\"><div class=\"ult-just-icon-wrapper  \"><div class=\"align-icon\" style=\"text-align:center;\">\n<div class=\"aio-icon none \"  style=\"color:#205072;font-size:16px;display:inline-block;\">\n\t<i class=\"Defaults-download\"><\/i>\n<\/div><\/div><\/div>\n<\/div><span  data-ultimate-target='#list-icon-wrap-4465 .uavc-list-desc'  data-responsive-json-new='{\"font-size\":\"\",\"line-height\":\"\"}'  class=\"uavc-list-desc ult-responsive\" style=\"\"><a href=\"https:\/\/movilidad.rionegro.gov.co\/web\/wp-content\/uploads\/2026\/01\/K75585777-Zona-E2.pdf\" target=\"_blank\" rel=\"noopener\">K75585777<\/a><\/span><\/div><\/li><\/ul><\/div>[\/vc_tta_section][\/vc_tta_accordion][\/vc_column][vc_column width=&#8221;1\/3&#8243;][vc_single_image image=&#8221;13766&#8243; img_size=&#8221;full&#8221; alignment=&#8221;center&#8221;][vc_custom_heading text=&#8221;Bit\u00e1coras de Mantenimiento&#8221; font_container=&#8221;tag:h5|text_align:left&#8221; use_theme_fonts=&#8221;yes&#8221;][vc_empty_space height=&#8221;15px&#8221;][vc_column_text]Procedimiento de mantenimiento preventivo peri\u00f3dico al que son sometidos los equipos.[\/vc_column_text][vc_tta_accordion][vc_tta_section title=&#8221;Pintuco&#8221; tab_id=&#8221;1722353154982-60908eee-9804&#8243;]<div class=\"uavc-list-icon uavc-list-icon-wrapper ult-adjust-bottom-margin   \"><ul class=\"uavc-list\"><li><div class=\"uavc-list-content\" id=\"list-icon-wrap-6648\">\n<div class=\"uavc-list-icon  \" data-animation=\"\" data-animation-delay=\"03\" style=\"margin-right:5px;\"><div class=\"ult-just-icon-wrapper  \"><div class=\"align-icon\" style=\"text-align:center;\">\n<div class=\"aio-icon none \"  style=\"color:#205072;font-size:16px;display:inline-block;\">\n\t<i class=\"Defaults-download\"><\/i>\n<\/div><\/div><\/div>\n<\/div><span  data-ultimate-target='#list-icon-wrap-6648 .uavc-list-desc'  data-responsive-json-new='{\"font-size\":\"\",\"line-height\":\"\"}'  class=\"uavc-list-desc ult-responsive\" style=\"\"><a href=\"https:\/\/movilidad.rionegro.gov.co\/web\/wp-content\/uploads\/2024\/07\/FSC-M-008-MANTENIMIENTO-PREVENTIVO-PINTUCO.pdf\" target=\"_blank\" rel=\"noopener\">FSC-M-008 Mantenimiento preventivo<\/a><\/span><\/div><\/li><li><div class=\"uavc-list-content\" id=\"list-icon-wrap-9585\">\n<div class=\"uavc-list-icon  \" data-animation=\"\" data-animation-delay=\"03\" style=\"margin-right:5px;\"><div class=\"ult-just-icon-wrapper  \"><div class=\"align-icon\" style=\"text-align:center;\">\n<div class=\"aio-icon none \"  style=\"color:#205072;font-size:16px;display:inline-block;\">\n\t<i class=\"Defaults-download\"><\/i>\n<\/div><\/div><\/div>\n<\/div><span  data-ultimate-target='#list-icon-wrap-9585 .uavc-list-desc'  data-responsive-json-new='{\"font-size\":\"\",\"line-height\":\"\"}'  class=\"uavc-list-desc ult-responsive\" style=\"\"><a href=\"https:\/\/movilidad.rionegro.gov.co\/web\/wp-content\/uploads\/2026\/01\/FO-EJS-09-Mantenimiento-Preventivo-Pintuco.pdf\" target=\"_blank\" rel=\"noopener\">FO-EJS-09 Mantenimiento preventivo<\/a><\/span><\/div><\/li><li><div class=\"uavc-list-content\" id=\"list-icon-wrap-3623\">\n<div class=\"uavc-list-icon  \" data-animation=\"\" data-animation-delay=\"03\" style=\"margin-right:5px;\"><div class=\"ult-just-icon-wrapper  \"><div class=\"align-icon\" style=\"text-align:center;\">\n<div class=\"aio-icon none \"  style=\"color:#205072;font-size:16px;display:inline-block;\">\n\t<i class=\"Defaults-download\"><\/i>\n<\/div><\/div><\/div>\n<\/div><span  data-ultimate-target='#list-icon-wrap-3623 .uavc-list-desc'  data-responsive-json-new='{\"font-size\":\"\",\"line-height\":\"\"}'  class=\"uavc-list-desc ult-responsive\" style=\"\"><a href=\"https:\/\/movilidad.rionegro.gov.co\/web\/wp-content\/uploads\/2026\/03\/FO-SAST-01-Mantenimiento-Preventivo-Pintuco__compressed.pdf\" target=\"_blank\" rel=\"noopener\">FO-SAST-01 Mantenimiento Preventivo<\/a><\/span><\/div><\/li><\/ul><\/div>[\/vc_tta_section][vc_tta_section title=&#8221;Transversal 1&#8243; tab_id=&#8221;1722353155006-b1ab79db-f5a5&#8243;]<div class=\"uavc-list-icon uavc-list-icon-wrapper ult-adjust-bottom-margin   \"><ul class=\"uavc-list\"><li><div class=\"uavc-list-content\" id=\"list-icon-wrap-2027\">\n<div class=\"uavc-list-icon  \" data-animation=\"\" data-animation-delay=\"03\" style=\"margin-right:5px;\"><div class=\"ult-just-icon-wrapper  \"><div class=\"align-icon\" style=\"text-align:center;\">\n<div class=\"aio-icon none \"  style=\"color:#205072;font-size:16px;display:inline-block;\">\n\t<i class=\"Defaults-download\"><\/i>\n<\/div><\/div><\/div>\n<\/div><span  data-ultimate-target='#list-icon-wrap-2027 .uavc-list-desc'  data-responsive-json-new='{\"font-size\":\"\",\"line-height\":\"\"}'  class=\"uavc-list-desc ult-responsive\" style=\"\"><a href=\"https:\/\/movilidad.rionegro.gov.co\/web\/wp-content\/uploads\/2024\/07\/FSC-M-008-MANTENIMIENTO-PREVENTIVO-TRANSVERSAL-1.pdf\" target=\"_blank\" rel=\"noopener\">FSC-M-008 Mantenimiento preventivo<\/a><\/span><\/div><\/li><li><div class=\"uavc-list-content\" id=\"list-icon-wrap-6042\">\n<div class=\"uavc-list-icon  \" data-animation=\"\" data-animation-delay=\"03\" style=\"margin-right:5px;\"><div class=\"ult-just-icon-wrapper  \"><div class=\"align-icon\" style=\"text-align:center;\">\n<div class=\"aio-icon none \"  style=\"color:#205072;font-size:16px;display:inline-block;\">\n\t<i class=\"Defaults-download\"><\/i>\n<\/div><\/div><\/div>\n<\/div><span  data-ultimate-target='#list-icon-wrap-6042 .uavc-list-desc'  data-responsive-json-new='{\"font-size\":\"\",\"line-height\":\"\"}'  class=\"uavc-list-desc ult-responsive\" style=\"\"><a href=\"https:\/\/movilidad.rionegro.gov.co\/web\/wp-content\/uploads\/2026\/01\/FO-EJS-09-Mantenimiento-Preventivo-Transversal-L1._compressed.pdf\" target=\"_blank\" rel=\"noopener\">FO-EJS-09-Mantenimiento preventivo<\/a><\/span><\/div><\/li><li><div class=\"uavc-list-content\" id=\"list-icon-wrap-4942\">\n<div class=\"uavc-list-icon  \" data-animation=\"\" data-animation-delay=\"03\" style=\"margin-right:5px;\"><div class=\"ult-just-icon-wrapper  \"><div class=\"align-icon\" style=\"text-align:center;\">\n<div class=\"aio-icon none \"  style=\"color:#205072;font-size:16px;display:inline-block;\">\n\t<i class=\"Defaults-download\"><\/i>\n<\/div><\/div><\/div>\n<\/div><span  data-ultimate-target='#list-icon-wrap-4942 .uavc-list-desc'  data-responsive-json-new='{\"font-size\":\"\",\"line-height\":\"\"}'  class=\"uavc-list-desc ult-responsive\" style=\"\"><a href=\"https:\/\/movilidad.rionegro.gov.co\/web\/wp-content\/uploads\/2026\/03\/FO-SAST-01-Mantenimiento-Preventivo-Transversal-L1_compressed.pdf\" target=\"_blank\" rel=\"noopener\">FO-SAST-01 Mantenimiento Preventivo<\/a><\/span><\/div><\/li><\/ul><\/div>[\/vc_tta_section][vc_tta_section title=&#8221;Tranv\u00eda&#8221; tab_id=&#8221;1722353155032-56ba4fe5-77bd&#8221;]<div class=\"uavc-list-icon uavc-list-icon-wrapper ult-adjust-bottom-margin   \"><ul class=\"uavc-list\"><li><div class=\"uavc-list-content\" id=\"list-icon-wrap-6264\">\n<div class=\"uavc-list-icon  \" data-animation=\"\" data-animation-delay=\"03\" style=\"margin-right:5px;\"><div class=\"ult-just-icon-wrapper  \"><div class=\"align-icon\" style=\"text-align:center;\">\n<div class=\"aio-icon none \"  style=\"color:#205072;font-size:16px;display:inline-block;\">\n\t<i class=\"Defaults-download\"><\/i>\n<\/div><\/div><\/div>\n<\/div><span  data-ultimate-target='#list-icon-wrap-6264 .uavc-list-desc'  data-responsive-json-new='{\"font-size\":\"\",\"line-height\":\"\"}'  class=\"uavc-list-desc ult-responsive\" style=\"\"><a href=\"https:\/\/movilidad.rionegro.gov.co\/web\/wp-content\/uploads\/2024\/07\/FSC-M-008-MANTENIMIENTO-PREVENTIVO-TRANVIA.pdf\" target=\"_blank\" rel=\"noopener\">FSC-M-008 Mantenimiento preventivo<\/a><\/span><\/div><\/li><li><div class=\"uavc-list-content\" id=\"list-icon-wrap-4315\">\n<div class=\"uavc-list-icon  \" data-animation=\"\" data-animation-delay=\"03\" style=\"margin-right:5px;\"><div class=\"ult-just-icon-wrapper  \"><div class=\"align-icon\" style=\"text-align:center;\">\n<div class=\"aio-icon none \"  style=\"color:#205072;font-size:16px;display:inline-block;\">\n\t<i class=\"Defaults-download\"><\/i>\n<\/div><\/div><\/div>\n<\/div><span  data-ultimate-target='#list-icon-wrap-4315 .uavc-list-desc'  data-responsive-json-new='{\"font-size\":\"\",\"line-height\":\"\"}'  class=\"uavc-list-desc ult-responsive\" style=\"\"><a href=\"https:\/\/movilidad.rionegro.gov.co\/web\/wp-content\/uploads\/2026\/01\/FO-EJS-09-Mantenimiento-Preventivo-Tranvia._compressed-1.pdf\" target=\"_blank\" rel=\"noopener\">FO-EJS-09 Mantenimiento preventivo<\/a><\/span><\/div><\/li><li><div class=\"uavc-list-content\" id=\"list-icon-wrap-2285\">\n<div class=\"uavc-list-icon  \" data-animation=\"\" data-animation-delay=\"03\" style=\"margin-right:5px;\"><div class=\"ult-just-icon-wrapper  \"><div class=\"align-icon\" style=\"text-align:center;\">\n<div class=\"aio-icon none \"  style=\"color:#205072;font-size:16px;display:inline-block;\">\n\t<i class=\"Defaults-download\"><\/i>\n<\/div><\/div><\/div>\n<\/div><span  data-ultimate-target='#list-icon-wrap-2285 .uavc-list-desc'  data-responsive-json-new='{\"font-size\":\"\",\"line-height\":\"\"}'  class=\"uavc-list-desc ult-responsive\" style=\"\"><a href=\"https:\/\/movilidad.rionegro.gov.co\/web\/wp-content\/uploads\/2026\/03\/FO-SAST-01-Mantenimiento-Preventivo-Tranvia__compressed.pdf\" target=\"_blank\" rel=\"noopener\">FO-SAST-01 Mantenimiento Preventivo<\/a><\/span><\/div><\/li><\/ul><\/div>[\/vc_tta_section][vc_tta_section title=&#8221;Zona E&#8221; tab_id=&#8221;1774619704014-dc90e80a-9fb5&#8243;]<div class=\"uavc-list-icon uavc-list-icon-wrapper ult-adjust-bottom-margin   \"><ul class=\"uavc-list\"><li><div class=\"uavc-list-content\" id=\"list-icon-wrap-9654\">\n<div class=\"uavc-list-icon  \" data-animation=\"\" data-animation-delay=\"03\" style=\"margin-right:5px;\"><div class=\"ult-just-icon-wrapper  \"><div class=\"align-icon\" style=\"text-align:center;\">\n<div class=\"aio-icon none \"  style=\"color:#205072;font-size:16px;display:inline-block;\">\n\t<i class=\"Defaults-download\"><\/i>\n<\/div><\/div><\/div>\n<\/div><span  data-ultimate-target='#list-icon-wrap-9654 .uavc-list-desc'  data-responsive-json-new='{\"font-size\":\"\",\"line-height\":\"\"}'  class=\"uavc-list-desc ult-responsive\" style=\"\"><a href=\"https:\/\/movilidad.rionegro.gov.co\/web\/wp-content\/uploads\/2026\/03\/FO-SAST-01-Mantenimiento-Preventivo-Zona-E__compressed.pdf\" target=\"_blank\" rel=\"noopener\">FO-SAST-01 Mantenimiento Preventivo<\/a><\/span><\/div><\/li><\/ul><\/div>[\/vc_tta_section][\/vc_tta_accordion][\/vc_column][\/vc_row][vc_row disable_element=&#8221;yes&#8221; css=&#8221;.vc_custom_1722283278729{margin-top: 100px !important;margin-bottom: 100px !important;}&#8221;][vc_column][vc_column_text css=&#8221;.vc_custom_1722261980579{margin-right: 200px !important;margin-bottom: 0px !important;margin-left: 200px !important;border-right-width: 0px !important;border-bottom-width: 0px !important;border-left-width: 0px !important;padding-right: 10px !important;padding-bottom: 0px !important;padding-left: 10px !important;}&#8221;]<\/p>\n<p style=\"text-align: center; color: #1b1b1b; font-size: 20px;\">Consulta la documentaci\u00f3n sobre la instalaci\u00f3n y operaci\u00f3n de las c\u00e1maras de fotodecci\u00f3n.<\/p>\n<p>[\/vc_column_text][vc_separator color=&#8221;custom&#8221; border_width=&#8221;3&#8243; el_width=&#8221;10&#8243; accent_color=&#8221;#e62a4b&#8221; css=&#8221;.vc_custom_1554327469555{margin-top: 0px !important;border-top-width: 0px !important;padding-top: 0px !important;}&#8221;][\/vc_column][\/vc_row]<\/p>\n","protected":false},"excerpt":{"rendered":"<p>[vc_row css=&#8221;.vc_custom_1722288528981{margin-top: 60px !important;margin-bottom: 60px !important;}&#8221;][vc_column width=&#8221;1\/6&#8243;][\/vc_column][vc_column width=&#8221;2\/3&#8243;][vc_column_text] Consulta la documentaci\u00f3n sobre la instalaci\u00f3n y operaci\u00f3n de las c\u00e1maras de fotodecci\u00f3n. [\/vc_column_text][vc_separator color=&#8221;custom&#8221; border_width=&#8221;3&#8243; el_width=&#8221;10&#8243; accent_color=&#8221;#e62a4b&#8221; css=&#8221;.vc_custom_1554327469555{margin-top: 0px !important;border-top-width: 0px&#8230;<\/p>\n","protected":false},"author":4,"featured_media":0,"parent":0,"menu_order":0,"comment_status":"closed","ping_status":"closed","template":"","meta":{"pgc_meta":""},"pgc_meta":"","_links":{"self":[{"href":"https:\/\/movilidad.rionegro.gov.co\/web\/wp-json\/wp\/v2\/pages\/13755"}],"collection":[{"href":"https:\/\/movilidad.rionegro.gov.co\/web\/wp-json\/wp\/v2\/pages"}],"about":[{"href":"https:\/\/movilidad.rionegro.gov.co\/web\/wp-json\/wp\/v2\/types\/page"}],"author":[{"embeddable":true,"href":"https:\/\/movilidad.rionegro.gov.co\/web\/wp-json\/wp\/v2\/users\/4"}],"replies":[{"embeddable":true,"href":"https:\/\/movilidad.rionegro.gov.co\/web\/wp-json\/wp\/v2\/comments?post=13755"}],"version-history":[{"count":87,"href":"https:\/\/movilidad.rionegro.gov.co\/web\/wp-json\/wp\/v2\/pages\/13755\/revisions"}],"predecessor-version":[{"id":14031,"href":"https:\/\/movilidad.rionegro.gov.co\/web\/wp-json\/wp\/v2\/pages\/13755\/revisions\/14031"}],"wp:attachment":[{"href":"https:\/\/movilidad.rionegro.gov.co\/web\/wp-json\/wp\/v2\/media?parent=13755"}],"curies":[{"name":"wp","href":"https:\/\/api.w.org\/{rel}","templated":true}]}}